{"id":79,"date":"2023-11-06T18:48:40","date_gmt":"2023-11-06T18:48:40","guid":{"rendered":"https:\/\/hiller-ergo.ch\/?page_id=79"},"modified":"2024-04-30T20:52:08","modified_gmt":"2024-04-30T20:52:08","slug":"a-propos","status":"publish","type":"page","link":"https:\/\/hiller-ergo.ch\/index.php\/a-propos\/","title":{"rendered":"A propos"},"content":{"rendered":"\n[et_pb_section fb_built=\u00a0\u00bb1&Prime; custom_padding_last_edited=\u00a0\u00bbon|tablet\u00a0\u00bb admin_label=\u00a0\u00bbHeader\u00a0\u00bb _builder_version=\u00a0\u00bb4.18.0&Prime; background_enable_color=\u00a0\u00bboff\u00a0\u00bb background_image=\u00a0\u00bbhttps:\/\/hiller-ergo.ch\/wp-content\/uploads\/2024\/02\/fond1.png\u00a0\u00bb background_size=\u00a0\u00bbcustom\u00a0\u00bb background_image_width=\u00a0\u00bb94%\u00a0\u00bb background_image_height=\u00a0\u00bb95%\u00a0\u00bb background_position=\u00a0\u00bbtop_left\u00a0\u00bb background_horizontal_offset=\u00a0\u00bb-289%\u00a0\u00bb background_vertical_offset=\u00a0\u00bb-165%\u00a0\u00bb custom_padding=\u00a0\u00bb10px||0vw|||\u00a0\u00bb custom_padding_tablet=\u00a0\u00bb||0vw|\u00a0\u00bb custom_padding_phone=\u00a0\u00bb\u00a0\u00bb bottom_divider_style=\u00a0\u00bbwave\u00a0\u00bb bottom_divider_color=\u00a0\u00bbRGBA(255,255,255,0)\u00a0\u00bb bottom_divider_height=\u00a0\u00bb102%\u00a0\u00bb bottom_divider_repeat=\u00a0\u00bb0.6x\u00a0\u00bb bottom_divider_flip=\u00a0\u00bbvertical|horizontal\u00a0\u00bb background_last_edited=\u00a0\u00bbon|phone\u00a0\u00bb background_size_tablet=\u00a0\u00bbcustom\u00a0\u00bb background_image_width_tablet=\u00a0\u00bb150%\u00a0\u00bb background_image_width_phone=\u00a0\u00bb200%\u00a0\u00bb background_image_height_tablet=\u00a0\u00bb97%\u00a0\u00bb background_position_tablet=\u00a0\u00bbtop_center\u00a0\u00bb background_horizontal_offset_tablet=\u00a0\u00bb-289%\u00a0\u00bb background_horizontal_offset_phone=\u00a0\u00bb61%\u00a0\u00bb background_vertical_offset_phone=\u00a0\u00bb-200%\u00a0\u00bb global_colors_info=\u00a0\u00bb{}\u00a0\u00bb][et_pb_row column_structure=\u00a0\u00bb1_2,1_2&Prime; _builder_version=\u00a0\u00bb4.18.0&Prime; background_color=\u00a0\u00bbRGBA(255,255,255,0)\u00a0\u00bb z_index=\u00a0\u00bb5&Prime; width=\u00a0\u00bb90%\u00a0\u00bb min_height=\u00a0\u00bb900px\u00a0\u00bb height=\u00a0\u00bb900px\u00a0\u00bb max_height=\u00a0\u00bb900px\u00a0\u00bb custom_margin=\u00a0\u00bb40px||||false|false\u00a0\u00bb custom_margin_tablet=\u00a0\u00bb||\u00a0\u00bb custom_margin_phone=\u00a0\u00bb53px||||false|false\u00a0\u00bb custom_margin_last_edited=\u00a0\u00bbon|tablet\u00a0\u00bb custom_padding=\u00a0\u00bb||0px|||\u00a0\u00bb global_colors_info=\u00a0\u00bb{}\u00a0\u00bb][et_pb_column type=\u00a0\u00bb1_2&Prime; _builder_version=\u00a0\u00bb4.16&Prime; custom_padding=\u00a0\u00bb|||\u00a0\u00bb global_colors_info=\u00a0\u00bb{}\u00a0\u00bb custom_padding__hover=\u00a0\u00bb|||\u00a0\u00bb][et_pb_text _builder_version=\u00a0\u00bb4.18.0&Prime; header_font=\u00a0\u00bbergo|700|||||||\u00a0\u00bb header_text_color=\u00a0\u00bb#FFFFFF\u00a0\u00bb header_font_size=\u00a0\u00bb100px\u00a0\u00bb header_letter_spacing=\u00a0\u00bb6px\u00a0\u00bb header_2_font=\u00a0\u00bbergo2||||||||\u00a0\u00bb header_2_text_color=\u00a0\u00bb#FFFFFF\u00a0\u00bb header_2_font_size=\u00a0\u00bb46px\u00a0\u00bb header_font_size_tablet=\u00a0\u00bb85px\u00a0\u00bb header_font_size_phone=\u00a0\u00bb76px\u00a0\u00bb header_font_size_last_edited=\u00a0\u00bbon|desktop\u00a0\u00bb header_letter_spacing_tablet=\u00a0\u00bb0px\u00a0\u00bb header_letter_spacing_phone=\u00a0\u00bb0px\u00a0\u00bb header_letter_spacing_last_edited=\u00a0\u00bbon|tablet\u00a0\u00bb global_colors_info=\u00a0\u00bb{}\u00a0\u00bb]<h2>a propos<\/h2>\n<h1>Milena Hiller<\/h1>[\/et_pb_text][et_pb_text _builder_version=\u00a0\u00bb4.18.0&Prime; _module_preset=\u00a0\u00bbdefault\u00a0\u00bb text_font=\u00a0\u00bb|600|||||||\u00a0\u00bb text_text_color=\u00a0\u00bb#FFFFFF\u00a0\u00bb text_font_size=\u00a0\u00bb16px\u00a0\u00bb text_line_height=\u00a0\u00bb1.8em\u00a0\u00bb custom_margin=\u00a0\u00bb28px|||-1px|false|false\u00a0\u00bb global_colors_info=\u00a0\u00bb{}\u00a0\u00bb]<p>Apr\u00e8s avoir obtenu mon dipl\u00f4me en 2012, j\u2019ai travaill\u00e9 cinq ann\u00e9es en sant\u00e9 mentale adulte dans un cabinet priv\u00e9 et \u00e0 domicile. J\u2019ai ensuite exerc\u00e9 durant quatre ans dans un EMS en g\u00e9riatrie et psycho-g\u00e9riatrie puis j\u2019ai rejoint les CMS lausannois durant deux ann\u00e9es avant de me mettre \u00e0 mon compte.<\/p>\n<p>Pour moi, l\u2019ergoth\u00e9rapie contribue \u00e0 porter un regard nouveau sur ses m\u00e9canismes, ses habitudes et possibilit\u00e9s d\u2019action et \u00e0 faire \u00e9merger chez soi ses propres ressources permettant d\u2019avancer et de trouver ainsi un sentiment de s\u00e9curit\u00e9 et de satisfaction.<br \/>Ceci dans le but de r\u00e9aliser les occupations qui font sens pour soi et qui contribue \u00e0 l\u2019identit\u00e9.<em><\/em><\/p>[\/et_pb_text][\/et_pb_column][et_pb_column type=\u00a0\u00bb1_2&Prime; _builder_version=\u00a0\u00bb4.16&Prime; custom_padding=\u00a0\u00bb|||\u00a0\u00bb global_colors_info=\u00a0\u00bb{}\u00a0\u00bb custom_padding__hover=\u00a0\u00bb|||\u00a0\u00bb][\/et_pb_column][\/et_pb_row][\/et_pb_section][et_pb_section fb_built=\u00a0\u00bb1&Prime; _builder_version=\u00a0\u00bb4.18.0&Prime; _module_preset=\u00a0\u00bbdefault\u00a0\u00bb custom_margin=\u00a0\u00bb-71px||||false|false\u00a0\u00bb custom_margin_tablet=\u00a0\u00bb-71px||||false|false\u00a0\u00bb custom_margin_phone=\u00a0\u00bb-43px||||false|false\u00a0\u00bb custom_margin_last_edited=\u00a0\u00bbon|phone\u00a0\u00bb custom_padding=\u00a0\u00bb0px||0px||false|false\u00a0\u00bb global_colors_info=\u00a0\u00bb{}\u00a0\u00bb][et_pb_row _builder_version=\u00a0\u00bb4.18.0&Prime; _module_preset=\u00a0\u00bbdefault\u00a0\u00bb custom_margin=\u00a0\u00bb113px|auto||auto||\u00a0\u00bb custom_padding=\u00a0\u00bb47px|||||\u00a0\u00bb global_colors_info=\u00a0\u00bb{}\u00a0\u00bb][et_pb_column type=\u00a0\u00bb4_4&Prime; _builder_version=\u00a0\u00bb4.18.0&Prime; _module_preset=\u00a0\u00bbdefault\u00a0\u00bb global_colors_info=\u00a0\u00bb{}\u00a0\u00bb][et_pb_text _builder_version=\u00a0\u00bb4.18.0&Prime; _module_preset=\u00a0\u00bbdefault\u00a0\u00bb text_font=\u00a0\u00bb|600|||||||\u00a0\u00bb text_text_color=\u00a0\u00bb#4F3086&Prime; text_font_size=\u00a0\u00bb16px\u00a0\u00bb text_line_height=\u00a0\u00bb2em\u00a0\u00bb header_font=\u00a0\u00bbergo2||||||||\u00a0\u00bb header_2_font=\u00a0\u00bbergo|600|||||||\u00a0\u00bb header_2_text_color=\u00a0\u00bb#4F3086&Prime; header_2_font_size=\u00a0\u00bb57px\u00a0\u00bb custom_margin=\u00a0\u00bb||||false|false\u00a0\u00bb global_colors_info=\u00a0\u00bb{}\u00a0\u00bb header_2_text_color__hover_enabled=\u00a0\u00bbon|desktop\u00a0\u00bb header_2_text_color__hover=\u00a0\u00bb#4F3086&Prime;]<h2>Experiences en ergotherapie<\/h2>[\/et_pb_text][\/et_pb_column][\/et_pb_row][et_pb_row column_structure=\u00a0\u00bb1_4,1_4,1_4,1_4&Prime; _builder_version=\u00a0\u00bb4.18.0&Prime; _module_preset=\u00a0\u00bbdefault\u00a0\u00bb global_colors_info=\u00a0\u00bb{}\u00a0\u00bb][et_pb_column type=\u00a0\u00bb1_4&Prime; _builder_version=\u00a0\u00bb4.18.0&Prime; _module_preset=\u00a0\u00bbdefault\u00a0\u00bb global_colors_info=\u00a0\u00bb{}\u00a0\u00bb][et_pb_text _builder_version=\u00a0\u00bb4.18.0&Prime; _module_preset=\u00a0\u00bbdefault\u00a0\u00bb text_font=\u00a0\u00bb|600|||||||\u00a0\u00bb text_text_color=\u00a0\u00bb#4F3086&Prime; text_font_size=\u00a0\u00bb16px\u00a0\u00bb text_line_height=\u00a0\u00bb2em\u00a0\u00bb header_font=\u00a0\u00bbergo2||||||||\u00a0\u00bb header_2_font=\u00a0\u00bbergo|600|||||||\u00a0\u00bb header_2_text_color=\u00a0\u00bb#4F3086&Prime; header_2_font_size=\u00a0\u00bb57px\u00a0\u00bb custom_margin=\u00a0\u00bb||||false|false\u00a0\u00bb hover_enabled=\u00a0\u00bb0&Prime; global_colors_info=\u00a0\u00bb{}\u00a0\u00bb header_2_text_color__hover_enabled=\u00a0\u00bbon|desktop\u00a0\u00bb header_2_text_color__hover=\u00a0\u00bb#4F3086&Prime; sticky_enabled=\u00a0\u00bb0&Prime;]<p>Ao\u00fbt 2023 \u2013 actu : Pratique ind\u00e9pendante en g\u00e9riatrie, psychog\u00e9riatrie et sant\u00e9-mentale &#8211; Lausanne<\/p>\n<p>2021- 2023: Fondation Soin Lausanne, CMS de Montelly &#8211; Lausanne<\/p>[\/et_pb_text][\/et_pb_column][et_pb_column type=\u00a0\u00bb1_4&Prime; _builder_version=\u00a0\u00bb4.18.0&Prime; _module_preset=\u00a0\u00bbdefault\u00a0\u00bb global_colors_info=\u00a0\u00bb{}\u00a0\u00bb][et_pb_text _builder_version=\u00a0\u00bb4.18.0&Prime; _module_preset=\u00a0\u00bbdefault\u00a0\u00bb text_font=\u00a0\u00bb|600|||||||\u00a0\u00bb text_text_color=\u00a0\u00bb#4F3086&Prime; text_font_size=\u00a0\u00bb16px\u00a0\u00bb text_line_height=\u00a0\u00bb2em\u00a0\u00bb header_font=\u00a0\u00bbergo2||||||||\u00a0\u00bb header_2_font=\u00a0\u00bbergo||||||||\u00a0\u00bb header_2_text_color=\u00a0\u00bb#4F3086&Prime; header_2_font_size=\u00a0\u00bb50px\u00a0\u00bb custom_margin=\u00a0\u00bb||||false|false\u00a0\u00bb global_colors_info=\u00a0\u00bb{}\u00a0\u00bb]<p>2016 &#8211; 2021 :\u00a0EMS de la Fondation Asile des Aveugles \u2013 Lausanne<\/p>\n<p>2012-2016 : Ergoth\u00e9rapeute en sant\u00e9 mentale &#8211; Centre d\u2019ergoth\u00e9rapie des Terreaux \u2013 Lausanne<\/p>[\/et_pb_text][\/et_pb_column][et_pb_column type=\u00a0\u00bb1_4&Prime; _builder_version=\u00a0\u00bb4.18.0&Prime; _module_preset=\u00a0\u00bbdefault\u00a0\u00bb global_colors_info=\u00a0\u00bb{}\u00a0\u00bb][et_pb_text _builder_version=\u00a0\u00bb4.18.0&Prime; _module_preset=\u00a0\u00bbdefault\u00a0\u00bb text_font=\u00a0\u00bb|600|||||||\u00a0\u00bb text_text_color=\u00a0\u00bb#4F3086&Prime; text_font_size=\u00a0\u00bb16px\u00a0\u00bb text_line_height=\u00a0\u00bb2em\u00a0\u00bb header_font=\u00a0\u00bbergo2||||||||\u00a0\u00bb header_2_font=\u00a0\u00bbergo||||||||\u00a0\u00bb header_2_text_color=\u00a0\u00bb#4F3086&Prime; header_2_font_size=\u00a0\u00bb50px\u00a0\u00bb custom_margin=\u00a0\u00bb||||false|false\u00a0\u00bb hover_enabled=\u00a0\u00bb0&Prime; global_colors_info=\u00a0\u00bb{}\u00a0\u00bb sticky_enabled=\u00a0\u00bb0&Prime;]<p><b>Formations continues :<\/b><\/p>\n<p>Mars 2024 &#8211; Le Mod\u00e8le de l&rsquo;Occupation Humaine (MoHO) : \u00e9valuation et intervention<\/p>\n<p>2022 : Ergoth\u00e9rapie en soins palliatifs g\u00e9n\u00e9raux<\/p>\n<p>2021 : R\u00e9adaptation du trouble de l\u2019accumulation compulsive (th\u00e9saurisation pathologique)<\/p>[\/et_pb_text][\/et_pb_column][et_pb_column type=\u00a0\u00bb1_4&Prime; _builder_version=\u00a0\u00bb4.18.0&Prime; _module_preset=\u00a0\u00bbdefault\u00a0\u00bb global_colors_info=\u00a0\u00bb{}\u00a0\u00bb][et_pb_text _builder_version=\u00a0\u00bb4.18.0&Prime; _module_preset=\u00a0\u00bbdefault\u00a0\u00bb text_font=\u00a0\u00bb|600|||||||\u00a0\u00bb text_text_color=\u00a0\u00bb#4F3086&Prime; text_font_size=\u00a0\u00bb16px\u00a0\u00bb text_line_height=\u00a0\u00bb2em\u00a0\u00bb header_font=\u00a0\u00bbergo2||||||||\u00a0\u00bb header_2_font=\u00a0\u00bbergo||||||||\u00a0\u00bb header_2_text_color=\u00a0\u00bb#4F3086&Prime; header_2_font_size=\u00a0\u00bb50px\u00a0\u00bb custom_margin=\u00a0\u00bb||||false|false\u00a0\u00bb hover_enabled=\u00a0\u00bb0&Prime; global_colors_info=\u00a0\u00bb{}\u00a0\u00bb sticky_enabled=\u00a0\u00bb0&Prime;]<p>2018 : Personne chuteuse ou \u00e0 risque de chute, que faire en ergoth\u00e9rapie<\/p>\n<p>2017 : Humanitude<\/p>\n<p>2016 :\u00a0Positionnement en\u00a0fauteuil roulant<\/p>\n<p>2016 : les bases\u00a0m\u00e9dicales des\u00a0handicaps visuels<\/p>\n<p>2015 : Entretien Motivationnel (module 1)<\/p>\n<p>2014 : ESI Evaluation of Social Interaction<\/p>[\/et_pb_text][\/et_pb_column][\/et_pb_row][\/et_pb_section][et_pb_section fb_built=\u00a0\u00bb1&Prime; _builder_version=\u00a0\u00bb4.18.0&Prime; _module_preset=\u00a0\u00bbdefault\u00a0\u00bb custom_padding=\u00a0\u00bb0px||0px|||\u00a0\u00bb global_colors_info=\u00a0\u00bb{}\u00a0\u00bb][et_pb_row use_custom_gutter=\u00a0\u00bbon\u00a0\u00bb _builder_version=\u00a0\u00bb4.18.0&Prime; _module_preset=\u00a0\u00bbdefault\u00a0\u00bb width=\u00a0\u00bb100%\u00a0\u00bb max_width=\u00a0\u00bb100%\u00a0\u00bb global_colors_info=\u00a0\u00bb{}\u00a0\u00bb][et_pb_column type=\u00a0\u00bb4_4&Prime; _builder_version=\u00a0\u00bb4.18.0&Prime; _module_preset=\u00a0\u00bbdefault\u00a0\u00bb global_colors_info=\u00a0\u00bb{}\u00a0\u00bb][et_pb_text _builder_version=\u00a0\u00bb4.18.0&Prime; _module_preset=\u00a0\u00bbdefault\u00a0\u00bb width=\u00a0\u00bb100%\u00a0\u00bb max_width=\u00a0\u00bb100%\u00a0\u00bb custom_margin=\u00a0\u00bb||-44px|||\u00a0\u00bb global_colors_info=\u00a0\u00bb{}\u00a0\u00bb]<p><img loading=\"lazy\" decoding=\"async\" src=\"https:\/\/hiller-ergo.ch\/wp-content\/uploads\/2024\/02\/fond-2.png\" width=\"2000\" height=\"491\" alt=\"\" class=\"wp-image-181 alignnone size-full\" srcset=\"https:\/\/hiller-ergo.ch\/wp-content\/uploads\/2024\/02\/fond-2.png 2000w, https:\/\/hiller-ergo.ch\/wp-content\/uploads\/2024\/02\/fond-2-1280x314.png 1280w, https:\/\/hiller-ergo.ch\/wp-content\/uploads\/2024\/02\/fond-2-980x241.png 980w, https:\/\/hiller-ergo.ch\/wp-content\/uploads\/2024\/02\/fond-2-480x118.png 480w\" sizes=\"auto, (min-width: 0px) and (max-width: 480px) 480px, (min-width: 481px) and (max-width: 980px) 980px, (min-width: 981px) and (max-width: 1280px) 1280px, (min-width: 1281px) 2000px, 100vw\" \/><\/p>[\/et_pb_text][\/et_pb_column][\/et_pb_row][\/et_pb_section]\n","protected":false},"excerpt":{"rendered":"<p>a propos Milena HillerApr\u00e8s avoir obtenu mon dipl\u00f4me en 2012, j\u2019ai travaill\u00e9 cinq ann\u00e9es en sant\u00e9 mentale adulte dans un cabinet priv\u00e9 et \u00e0 domicile. J\u2019ai ensuite exerc\u00e9 durant quatre ans dans un EMS en g\u00e9riatrie et psycho-g\u00e9riatrie puis j\u2019ai rejoint les CMS lausannois durant deux ann\u00e9es avant de me mettre \u00e0 mon compte. Pour [&hellip;]<\/p>\n","protected":false},"author":2,"featured_media":0,"parent":0,"menu_order":0,"comment_status":"closed","ping_status":"closed","template":"","meta":{"_et_pb_use_builder":"on","_et_pb_old_content":"","_et_gb_content_width":"","om_disable_all_campaigns":false,"_monsterinsights_skip_tracking":false,"footnotes":""},"class_list":["post-79","page","type-page","status-publish","hentry"],"aioseo_notices":[],"_links":{"self":[{"href":"https:\/\/hiller-ergo.ch\/index.php\/wp-json\/wp\/v2\/pages\/79","targetHints":{"allow":["GET"]}}],"collection":[{"href":"https:\/\/hiller-ergo.ch\/index.php\/wp-json\/wp\/v2\/pages"}],"about":[{"href":"https:\/\/hiller-ergo.ch\/index.php\/wp-json\/wp\/v2\/types\/page"}],"author":[{"embeddable":true,"href":"https:\/\/hiller-ergo.ch\/index.php\/wp-json\/wp\/v2\/users\/2"}],"replies":[{"embeddable":true,"href":"https:\/\/hiller-ergo.ch\/index.php\/wp-json\/wp\/v2\/comments?post=79"}],"version-history":[{"count":32,"href":"https:\/\/hiller-ergo.ch\/index.php\/wp-json\/wp\/v2\/pages\/79\/revisions"}],"predecessor-version":[{"id":313,"href":"https:\/\/hiller-ergo.ch\/index.php\/wp-json\/wp\/v2\/pages\/79\/revisions\/313"}],"wp:attachment":[{"href":"https:\/\/hiller-ergo.ch\/index.php\/wp-json\/wp\/v2\/media?parent=79"}],"curies":[{"name":"wp","href":"https:\/\/api.w.org\/{rel}","templated":true}]}}